{"id":19079,"date":"2024-08-07T15:09:23","date_gmt":"2024-08-07T13:09:23","guid":{"rendered":"https:\/\/tandem-air.at\/procedure\/"},"modified":"2025-11-21T16:04:35","modified_gmt":"2025-11-21T15:04:35","slug":"procedure","status":"publish","type":"page","link":"https:\/\/tandem-air.at\/nl\/procedure\/","title":{"rendered":"Verloop"},"content":{"rendered":"\t\t<div data-elementor-type=\"wp-page\" data-elementor-id=\"19079\" class=\"elementor elementor-19079 elementor-17009\" data-elementor-post-type=\"page\">\n\t\t\t\t<div class=\"elementor-element elementor-element-427e5e3f e-flex e-con-boxed e-con e-parent\" data-id=\"427e5e3f\" data-element_type=\"container\" data-e-type=\"container\">\n\t\t\t\t\t<div class=\"e-con-inner\">\n\t\t\t\t<div class=\"elementor-element elementor-element-985680b elementor-widget elementor-widget-spacer\" data-id=\"985680b\" data-element_type=\"widget\" data-e-type=\"widget\" data-widget_type=\"spacer.default\">\n\t\t\t\t<div class=\"elementor-widget-container\">\n\t\t\t\t\t\t\t<div class=\"elementor-spacer\">\n\t\t\t<div class=\"elementor-spacer-inner\"><\/div>\n\t\t<\/div>\n\t\t\t\t\t\t<\/div>\n\t\t\t\t<\/div>\n\t\t\t\t<div class=\"elementor-element elementor-element-4211cb6e elementor-widget elementor-widget-heading\" data-id=\"4211cb6e\" data-element_type=\"widget\" data-e-type=\"widget\" data-widget_type=\"heading.default\">\n\t\t\t\t<div class=\"elementor-widget-container\">\n\t\t\t\t\t<h1 class=\"elementor-heading-title elementor-size-default\">Verloop<\/h1>\t\t\t\t<\/div>\n\t\t\t\t<\/div>\n\t\t\t\t<div class=\"elementor-element elementor-element-44c2c835 elementor-widget elementor-widget-text-editor\" data-id=\"44c2c835\" data-element_type=\"widget\" data-e-type=\"widget\" data-widget_type=\"text-editor.default\">\n\t\t\t\t<div class=\"elementor-widget-container\">\n\t\t\t\t\t\t\t\t\t<p class=\"p1\">Hier vind je alle belangrijke informatie als je hebt besloten om met Tandem-Air te gaan vliegen.<\/p><p class=\"p1\">Van boeking tot landing, we leggen alles uit zodat er geen vragen onbeantwoord blijven!<\/p>\t\t\t\t\t\t\t\t<\/div>\n\t\t\t\t<\/div>\n\t\t\t\t\t<\/div>\n\t\t\t\t<\/div>\n\t\t<div class=\"elementor-element elementor-element-61e5fc11 e-flex e-con-boxed e-con e-parent\" data-id=\"61e5fc11\" data-element_type=\"container\" data-e-type=\"container\">\n\t\t\t\t\t<div class=\"e-con-inner\">\n\t\t<div class=\"elementor-element elementor-element-6011ecd3 e-con-full e-flex e-con e-child\" data-id=\"6011ecd3\" data-element_type=\"container\" data-e-type=\"container\">\n\t\t<div data-pa-eq-height=\"{&quot;targetType&quot;:&quot;custom&quot;,&quot;target&quot;:[&quot;&quot;],&quot;trigger&quot;:&quot;load&quot;,&quot;enableOn&quot;:[&quot;desktop&quot;,&quot;tablet&quot;,&quot;mobile&quot;]}\" class=\"elementor-element elementor-element-5ece5e71 e-con-full premium-equal-height-yes e-flex e-con e-child\" data-id=\"5ece5e71\" data-element_type=\"container\" data-e-type=\"container\" data-settings=\"{&quot;premium_eq_height_switcher&quot;:&quot;yes&quot;}\">\n\t\t<div data-pa-eq-height=\"{&quot;targetType&quot;:&quot;custom&quot;,&quot;target&quot;:[&quot;.ablauf&quot;],&quot;trigger&quot;:&quot;load&quot;,&quot;enableOn&quot;:[&quot;desktop&quot;,&quot;tablet&quot;,&quot;mobile&quot;]}\" class=\"elementor-element elementor-element-31dce0e6 e-con-full ablauf premium-equal-height-yes e-flex e-con e-child\" data-id=\"31dce0e6\" data-element_type=\"container\" data-e-type=\"container\" data-settings=\"{&quot;background_background&quot;:&quot;classic&quot;,&quot;premium_eq_height_switcher&quot;:&quot;yes&quot;}\">\n\t\t\t\t<div class=\"elementor-element elementor-element-5787b29a elementor-widget elementor-widget-heading\" data-id=\"5787b29a\" data-element_type=\"widget\" data-e-type=\"widget\" data-widget_type=\"heading.default\">\n\t\t\t\t<div class=\"elementor-widget-container\">\n\t\t\t\t\t<h3 class=\"elementor-heading-title elementor-size-default\">Boek een vlucht<\/h3>\t\t\t\t<\/div>\n\t\t\t\t<\/div>\n\t\t\t\t<div class=\"elementor-element elementor-element-34adf998 elementor-widget-tablet__width-initial elementor-widget elementor-widget-text-editor\" data-id=\"34adf998\" data-element_type=\"widget\" data-e-type=\"widget\" data-widget_type=\"text-editor.default\">\n\t\t\t\t<div class=\"elementor-widget-container\">\n\t\t\t\t\t\t\t\t\t<p>Boek je tandemvlucht vanaf de Gerlitzen of de Radsberg en kies uit onze servicepakketten.  <\/p><p>Je kunt ook een vouchercode inwisselen.<\/p>\t\t\t\t\t\t\t\t<\/div>\n\t\t\t\t<\/div>\n\t\t<div class=\"elementor-element elementor-element-410b4d1c e-con-full e-transform e-flex e-con e-child\" data-id=\"410b4d1c\" data-element_type=\"container\" data-e-type=\"container\" data-settings=\"{&quot;background_background&quot;:&quot;classic&quot;,&quot;position&quot;:&quot;absolute&quot;,&quot;_transform_rotateZ_effect&quot;:{&quot;unit&quot;:&quot;px&quot;,&quot;size&quot;:-6,&quot;sizes&quot;:[]},&quot;_transform_rotateZ_effect_tablet&quot;:{&quot;unit&quot;:&quot;deg&quot;,&quot;size&quot;:&quot;&quot;,&quot;sizes&quot;:[]},&quot;_transform_rotateZ_effect_mobile&quot;:{&quot;unit&quot;:&quot;deg&quot;,&quot;size&quot;:&quot;&quot;,&quot;sizes&quot;:[]}}\">\n\t\t\t\t<div class=\"elementor-element elementor-element-4a4d4048 elementor-widget-tablet__width-initial elementor-widget elementor-widget-heading\" data-id=\"4a4d4048\" data-element_type=\"widget\" data-e-type=\"widget\" data-widget_type=\"heading.default\">\n\t\t\t\t<div class=\"elementor-widget-container\">\n\t\t\t\t\t<h2 class=\"elementor-heading-title elementor-size-default\">Stap 1<\/h2>\t\t\t\t<\/div>\n\t\t\t\t<\/div>\n\t\t\t\t<\/div>\n\t\t\t\t<\/div>\n\t\t\t\t<\/div>\n\t\t\t\t<\/div>\n\t\t<div class=\"elementor-element elementor-element-793a28df e-con-full e-flex e-con e-child\" data-id=\"793a28df\" data-element_type=\"container\" data-e-type=\"container\">\n\t\t<div class=\"elementor-element elementor-element-17bca8b e-con-full e-flex e-con e-child\" data-id=\"17bca8b\" data-element_type=\"container\" data-e-type=\"container\">\n\t\t<div data-pa-eq-height=\"{&quot;targetType&quot;:&quot;custom&quot;,&quot;target&quot;:[&quot;.ablauf&quot;],&quot;trigger&quot;:&quot;load&quot;,&quot;enableOn&quot;:[&quot;desktop&quot;,&quot;tablet&quot;,&quot;mobile&quot;]}\" class=\"elementor-element elementor-element-31e52bb8 e-con-full ablauf premium-equal-height-yes e-flex e-con e-child\" data-id=\"31e52bb8\" data-element_type=\"container\" data-e-type=\"container\" data-settings=\"{&quot;background_background&quot;:&quot;classic&quot;,&quot;premium_eq_height_switcher&quot;:&quot;yes&quot;}\">\n\t\t\t\t<div class=\"elementor-element elementor-element-3255ecda elementor-widget elementor-widget-heading\" data-id=\"3255ecda\" data-element_type=\"widget\" data-e-type=\"widget\" data-widget_type=\"heading.default\">\n\t\t\t\t<div class=\"elementor-widget-container\">\n\t\t\t\t\t<h3 class=\"elementor-heading-title elementor-size-default\">Selecteer datum<\/h3>\t\t\t\t<\/div>\n\t\t\t\t<\/div>\n\t\t\t\t<div class=\"elementor-element elementor-element-6cd1f4d6 elementor-widget-tablet__width-initial elementor-widget elementor-widget-text-editor\" data-id=\"6cd1f4d6\" data-element_type=\"widget\" data-e-type=\"widget\" data-widget_type=\"text-editor.default\">\n\t\t\t\t<div class=\"elementor-widget-container\">\n\t\t\t\t\t\t\t\t\t<p>Selecteer je gewenste datum en tijd tijdens het boekingsproces.<\/p><p>Je kunt ook een voucher kopen en deze op elk gewenst moment inwisselen.  <\/p>\t\t\t\t\t\t\t\t<\/div>\n\t\t\t\t<\/div>\n\t\t<div class=\"elementor-element elementor-element-7b3cd521 e-con-full e-transform e-flex e-con e-child\" data-id=\"7b3cd521\" data-element_type=\"container\" data-e-type=\"container\" data-settings=\"{&quot;background_background&quot;:&quot;classic&quot;,&quot;position&quot;:&quot;absolute&quot;,&quot;_transform_rotateZ_effect&quot;:{&quot;unit&quot;:&quot;px&quot;,&quot;size&quot;:-6,&quot;sizes&quot;:[]},&quot;_transform_rotateZ_effect_tablet&quot;:{&quot;unit&quot;:&quot;deg&quot;,&quot;size&quot;:&quot;&quot;,&quot;sizes&quot;:[]},&quot;_transform_rotateZ_effect_mobile&quot;:{&quot;unit&quot;:&quot;deg&quot;,&quot;size&quot;:&quot;&quot;,&quot;sizes&quot;:[]}}\">\n\t\t\t\t<div class=\"elementor-element elementor-element-37ceb281 elementor-widget elementor-widget-heading\" data-id=\"37ceb281\" data-element_type=\"widget\" data-e-type=\"widget\" data-widget_type=\"heading.default\">\n\t\t\t\t<div class=\"elementor-widget-container\">\n\t\t\t\t\t<h2 class=\"elementor-heading-title elementor-size-default\">Stap 2<\/h2>\t\t\t\t<\/div>\n\t\t\t\t<\/div>\n\t\t\t\t<\/div>\n\t\t\t\t<\/div>\n\t\t\t\t<\/div>\n\t\t\t\t<\/div>\n\t\t<div class=\"elementor-element elementor-element-6deb049a e-con-full e-flex e-con e-child\" data-id=\"6deb049a\" data-element_type=\"container\" data-e-type=\"container\">\n\t\t<div class=\"elementor-element elementor-element-6b72efb7 e-con-full e-flex e-con e-child\" data-id=\"6b72efb7\" data-element_type=\"container\" data-e-type=\"container\">\n\t\t<div data-pa-eq-height=\"{&quot;targetType&quot;:&quot;custom&quot;,&quot;target&quot;:[&quot;.ablauf&quot;],&quot;trigger&quot;:&quot;load&quot;,&quot;enableOn&quot;:[&quot;desktop&quot;,&quot;tablet&quot;,&quot;mobile&quot;]}\" class=\"elementor-element elementor-element-497f963d e-con-full ablauf premium-equal-height-yes e-flex e-con e-child\" data-id=\"497f963d\" data-element_type=\"container\" data-e-type=\"container\" data-settings=\"{&quot;background_background&quot;:&quot;classic&quot;,&quot;premium_eq_height_switcher&quot;:&quot;yes&quot;}\">\n\t\t\t\t<div class=\"elementor-element elementor-element-233e696 elementor-widget elementor-widget-heading\" data-id=\"233e696\" data-element_type=\"widget\" data-e-type=\"widget\" data-widget_type=\"heading.default\">\n\t\t\t\t<div class=\"elementor-widget-container\">\n\t\t\t\t\t<h3 class=\"elementor-heading-title elementor-size-default\">Dag van de vlucht<\/h3>\t\t\t\t<\/div>\n\t\t\t\t<\/div>\n\t\t\t\t<div class=\"elementor-element elementor-element-6e7330b0 elementor-widget-tablet__width-initial elementor-widget elementor-widget-text-editor\" data-id=\"6e7330b0\" data-element_type=\"widget\" data-e-type=\"widget\" data-widget_type=\"text-editor.default\">\n\t\t\t\t<div class=\"elementor-widget-container\">\n\t\t\t\t\t\t\t\t\t<p><span style=\"font-weight: 400;\">Kom op de dag van je vlucht ruim op tijd voor de door jou gekozen vertrektijd, zodat we je van de juiste uitrusting kunnen voorzien.<\/span><\/p><p>Volg de paklijst (zie &#8220;De start&#8221;)!<\/p>\t\t\t\t\t\t\t\t<\/div>\n\t\t\t\t<\/div>\n\t\t<div class=\"elementor-element elementor-element-2135f80d e-con-full e-transform e-flex e-con e-child\" data-id=\"2135f80d\" data-element_type=\"container\" data-e-type=\"container\" data-settings=\"{&quot;background_background&quot;:&quot;classic&quot;,&quot;position&quot;:&quot;absolute&quot;,&quot;_transform_rotateZ_effect&quot;:{&quot;unit&quot;:&quot;px&quot;,&quot;size&quot;:-6,&quot;sizes&quot;:[]},&quot;_transform_rotateZ_effect_tablet&quot;:{&quot;unit&quot;:&quot;deg&quot;,&quot;size&quot;:&quot;&quot;,&quot;sizes&quot;:[]},&quot;_transform_rotateZ_effect_mobile&quot;:{&quot;unit&quot;:&quot;deg&quot;,&quot;size&quot;:&quot;&quot;,&quot;sizes&quot;:[]}}\">\n\t\t\t\t<div class=\"elementor-element elementor-element-4ccfb614 elementor-widget elementor-widget-heading\" data-id=\"4ccfb614\" data-element_type=\"widget\" data-e-type=\"widget\" data-widget_type=\"heading.default\">\n\t\t\t\t<div class=\"elementor-widget-container\">\n\t\t\t\t\t<h2 class=\"elementor-heading-title elementor-size-default\">Stap 3<\/h2>\t\t\t\t<\/div>\n\t\t\t\t<\/div>\n\t\t\t\t<\/div>\n\t\t\t\t<\/div>\n\t\t\t\t<\/div>\n\t\t\t\t<\/div>\n\t\t\t\t\t<\/div>\n\t\t\t\t<\/div>\n\t\t<div class=\"elementor-element elementor-element-3f472602 e-flex e-con-boxed e-con e-parent\" data-id=\"3f472602\" data-element_type=\"container\" data-e-type=\"container\">\n\t\t\t\t\t<div class=\"e-con-inner\">\n\t\t<div class=\"elementor-element elementor-element-7bd55fa5 e-con-full e-flex e-con e-child\" data-id=\"7bd55fa5\" data-element_type=\"container\" data-e-type=\"container\">\n\t\t\t\t<div class=\"elementor-element elementor-element-6d2b61d4 elementor-align-center elementor-widget elementor-widget-button\" data-id=\"6d2b61d4\" data-element_type=\"widget\" data-e-type=\"widget\" data-widget_type=\"button.default\">\n\t\t\t\t<div class=\"elementor-widget-container\">\n\t\t\t\t\t\t\t\t\t<div class=\"elementor-button-wrapper\">\n\t\t\t\t\t<a class=\"elementor-button elementor-button-link elementor-size-sm\" href=\"https:\/\/tandem-air.at\/nl\/boek-een-vlucht\/\">\n\t\t\t\t\t\t<span class=\"elementor-button-content-wrapper\">\n\t\t\t\t\t\t\t\t\t<span class=\"elementor-button-text\">Boek een vlucht<\/span>\n\t\t\t\t\t<\/span>\n\t\t\t\t\t<\/a>\n\t\t\t\t<\/div>\n\t\t\t\t\t\t\t\t<\/div>\n\t\t\t\t<\/div>\n\t\t\t\t<\/div>\n\t\t<div class=\"elementor-element elementor-element-5f919848 e-con-full e-flex e-con e-child\" data-id=\"5f919848\" data-element_type=\"container\" data-e-type=\"container\">\n\t\t\t\t<div class=\"elementor-element elementor-element-9d4b3f4 elementor-align-center elementor-widget elementor-widget-button\" data-id=\"9d4b3f4\" data-element_type=\"widget\" data-e-type=\"widget\" data-widget_type=\"button.default\">\n\t\t\t\t<div class=\"elementor-widget-container\">\n\t\t\t\t\t\t\t\t\t<div class=\"elementor-button-wrapper\">\n\t\t\t\t\t<a class=\"elementor-button elementor-button-link elementor-size-sm\" href=\"https:\/\/tandem-air.at\/nl\/bonnen\/\">\n\t\t\t\t\t\t<span class=\"elementor-button-content-wrapper\">\n\t\t\t\t\t\t\t\t\t<span class=\"elementor-button-text\">Koop voucher<\/span>\n\t\t\t\t\t<\/span>\n\t\t\t\t\t<\/a>\n\t\t\t\t<\/div>\n\t\t\t\t\t\t\t\t<\/div>\n\t\t\t\t<\/div>\n\t\t\t\t<\/div>\n\t\t\t\t\t<\/div>\n\t\t\t\t<\/div>\n\t\t<div class=\"elementor-element elementor-element-2176f1e9 e-flex e-con-boxed e-con e-parent\" data-id=\"2176f1e9\" data-element_type=\"container\" data-e-type=\"container\" data-settings=\"{&quot;background_background&quot;:&quot;classic&quot;}\">\n\t\t\t\t\t<div class=\"e-con-inner\">\n\t\t<div class=\"elementor-element elementor-element-48643c3 e-grid e-con-full elementor-hidden-mobile e-con e-child\" data-id=\"48643c3\" data-element_type=\"container\" data-e-type=\"container\">\n\t\t<div class=\"elementor-element elementor-element-4b57039a e-con-full e-flex elementor-invisible e-con e-child\" data-id=\"4b57039a\" data-element_type=\"container\" data-e-type=\"container\" data-settings=\"{&quot;animation&quot;:&quot;slideInLeft&quot;}\">\n\t\t\t\t<div class=\"elementor-element elementor-element-648d414c elementor-widget elementor-widget-heading\" data-id=\"648d414c\" data-element_type=\"widget\" data-e-type=\"widget\" data-widget_type=\"heading.default\">\n\t\t\t\t<div class=\"elementor-widget-container\">\n\t\t\t\t\t<h2 class=\"elementor-heading-title elementor-size-default\">Boek een vlucht<\/h2>\t\t\t\t<\/div>\n\t\t\t\t<\/div>\n\t\t\t\t<div class=\"elementor-element elementor-element-23822c6c elementor-widget elementor-widget-text-editor\" data-id=\"23822c6c\" data-element_type=\"widget\" data-e-type=\"widget\" data-widget_type=\"text-editor.default\">\n\t\t\t\t<div class=\"elementor-widget-container\">\n\t\t\t\t\t\t\t\t\t<p>Je tandemvluchtavontuur begint op onze website. Kies uit onze pakketten:   <\/p><blockquote><p><strong>&gt;<\/strong> <strong>Early Bird:<\/strong> Voor vroege vogels<\/p><p> <strong>&gt; Solo Vlucht:<\/strong> Voor individuele ervaringen<\/p><p><strong>&gt;<\/strong> <strong>Groepsvluchten<\/strong>: Voor gezamenlijke avonturen<\/p><p> <strong>&gt; Vluchten voor kinderen:<\/strong> Voor onze jongste vliegers<\/p><\/blockquote><p class=\"p1\">Voeg vouchers en foto- en 360-graden video-opties toe aan je boeking. Na het boeken ontvang je een bevestigingsmail met alle belangrijke informatie.   <\/p><p>Begin nu met je unieke tandemvlucht vanaf de Gerlitzen of de Radsberg!<\/p>\t\t\t\t\t\t\t\t<\/div>\n\t\t\t\t<\/div>\n\t\t\t\t<\/div>\n\t\t\t\t<div class=\"elementor-element elementor-element-d73a66f elementor-invisible elementor-widget elementor-widget-image\" data-id=\"d73a66f\" data-element_type=\"widget\" data-e-type=\"widget\" data-settings=\"{&quot;_animation&quot;:&quot;slideInRight&quot;}\" data-widget_type=\"image.default\">\n\t\t\t\t<div class=\"elementor-widget-container\">\n\t\t\t\t\t\t\t\t\t\t\t\t\t\t\t<img fetchpriority=\"high\" decoding=\"async\" width=\"800\" height=\"534\" src=\"https:\/\/tandem-air.at\/wp-content\/uploads\/2024\/08\/shutterstock_292231958-1-scaled-1-1024x683.jpg\" class=\"attachment-large size-large wp-image-18771\" alt=\"Paragleiten in K\u00e4rnten bei Sonnenuntergang \u2013 Tandemflug \u00fcber den Bergen\" srcset=\"https:\/\/tandem-air.at\/wp-content\/uploads\/2024\/08\/shutterstock_292231958-1-scaled-1-1024x683.jpg 1024w, https:\/\/tandem-air.at\/wp-content\/uploads\/2024\/08\/shutterstock_292231958-1-scaled-1-300x200.jpg 300w, https:\/\/tandem-air.at\/wp-content\/uploads\/2024\/08\/shutterstock_292231958-1-scaled-1-768x512.jpg 768w, https:\/\/tandem-air.at\/wp-content\/uploads\/2024\/08\/shutterstock_292231958-1-scaled-1-1536x1024.jpg 1536w, https:\/\/tandem-air.at\/wp-content\/uploads\/2024\/08\/shutterstock_292231958-1-scaled-1-2048x1366.jpg 2048w, https:\/\/tandem-air.at\/wp-content\/uploads\/2024\/08\/shutterstock_292231958-1-scaled-1-930x620.jpg 930w, https:\/\/tandem-air.at\/wp-content\/uploads\/2024\/08\/shutterstock_292231958-1-scaled-1-1320x880.jpg 1320w, https:\/\/tandem-air.at\/wp-content\/uploads\/2024\/08\/shutterstock_292231958-1-scaled-1-600x400.jpg 600w\" sizes=\"(max-width: 800px) 100vw, 800px\" \/>\t\t\t\t\t\t\t\t\t\t\t\t\t\t\t<\/div>\n\t\t\t\t<\/div>\n\t\t\t\t<div class=\"elementor-element elementor-element-30e17cda elementor-invisible elementor-widget elementor-widget-image\" data-id=\"30e17cda\" data-element_type=\"widget\" data-e-type=\"widget\" data-settings=\"{&quot;_animation&quot;:&quot;slideInRight&quot;}\" data-widget_type=\"image.default\">\n\t\t\t\t<div class=\"elementor-widget-container\">\n\t\t\t\t\t\t\t\t\t\t\t\t\t\t\t<img decoding=\"async\" width=\"800\" height=\"800\" src=\"https:\/\/tandem-air.at\/wp-content\/uploads\/2025\/03\/IMG_20200919_203403_833-1024x1024.jpg\" class=\"attachment-large size-large wp-image-19859\" alt=\"Paragleiten bei Sonnenuntergang in K\u00e4rnten \u2013 Tandemflug mit Gleitschirm in den Alpen\" srcset=\"https:\/\/tandem-air.at\/wp-content\/uploads\/2025\/03\/IMG_20200919_203403_833-1024x1024.jpg 1024w, https:\/\/tandem-air.at\/wp-content\/uploads\/2025\/03\/IMG_20200919_203403_833-300x300.jpg 300w, https:\/\/tandem-air.at\/wp-content\/uploads\/2025\/03\/IMG_20200919_203403_833-150x150.jpg 150w, https:\/\/tandem-air.at\/wp-content\/uploads\/2025\/03\/IMG_20200919_203403_833-768x768.jpg 768w, https:\/\/tandem-air.at\/wp-content\/uploads\/2025\/03\/IMG_20200919_203403_833-1320x1320.jpg 1320w, https:\/\/tandem-air.at\/wp-content\/uploads\/2025\/03\/IMG_20200919_203403_833-600x600.jpg 600w, https:\/\/tandem-air.at\/wp-content\/uploads\/2025\/03\/IMG_20200919_203403_833-100x100.jpg 100w, https:\/\/tandem-air.at\/wp-content\/uploads\/2025\/03\/IMG_20200919_203403_833.jpg 1390w\" sizes=\"(max-width: 800px) 100vw, 800px\" \/>\t\t\t\t\t\t\t\t\t\t\t\t\t\t\t<\/div>\n\t\t\t\t<\/div>\n\t\t<div class=\"elementor-element elementor-element-2b000b47 e-con-full e-flex elementor-invisible e-con e-child\" data-id=\"2b000b47\" data-element_type=\"container\" data-e-type=\"container\" data-settings=\"{&quot;animation&quot;:&quot;slideInRight&quot;}\">\n\t\t\t\t<div class=\"elementor-element elementor-element-26512a9c elementor-widget elementor-widget-heading\" data-id=\"26512a9c\" data-element_type=\"widget\" data-e-type=\"widget\" data-widget_type=\"heading.default\">\n\t\t\t\t<div class=\"elementor-widget-container\">\n\t\t\t\t\t<h2 class=\"elementor-heading-title elementor-size-default\">Maak een afspraak<\/h2>\t\t\t\t<\/div>\n\t\t\t\t<\/div>\n\t\t\t\t<div class=\"elementor-element elementor-element-698e8d75 elementor-widget elementor-widget-text-editor\" data-id=\"698e8d75\" data-element_type=\"widget\" data-e-type=\"widget\" data-widget_type=\"text-editor.default\">\n\t\t\t\t<div class=\"elementor-widget-container\">\n\t\t\t\t\t\t\t\t\t<p class=\"p1\">Selecteer je gewenste datum en tijd direct in het boekingsproces. Als je flexibel wilt blijven, kun je ook een voucher kopen en deze op elk gewenst moment inwisselen. <\/p>\n<p>Of deze deadline gehaald kan worden hangt af van het weer. Het is niet mogelijk om bij elke windrichting of windkracht vanaf elke berg op te stijgen. Als een vlucht niet mogelijk is vanwege het weer, nemen we snel telefonisch contact met je op en krijg je een alternatieve datum.  &nbsp;<\/p>\n<p>Onze vluchttijden zijn over het algemeen van begin mei tot eind oktober en zijn gebaseerd op de openingstijden van de kabelbaan. Vroege vogels krijgen een korting op de prijs. Als je niet zeker bent van de vluchttijd of -datum, kun je ons altijd bellen.  &nbsp;<\/p>\t\t\t\t\t\t\t\t<\/div>\n\t\t\t\t<\/div>\n\t\t\t\t<div class=\"elementor-element elementor-element-b9cb2f6 elementor-icon-list--layout-traditional elementor-list-item-link-full_width elementor-widget elementor-widget-icon-list\" data-id=\"b9cb2f6\" data-element_type=\"widget\" data-e-type=\"widget\" data-widget_type=\"icon-list.default\">\n\t\t\t\t<div class=\"elementor-widget-container\">\n\t\t\t\t\t\t\t<ul class=\"elementor-icon-list-items\">\n\t\t\t\t\t\t\t<li class=\"elementor-icon-list-item\">\n\t\t\t\t\t\t\t\t\t\t\t<a href=\"tel:+436765822547\">\n\n\t\t\t\t\t\t\t\t\t\t\t\t<span class=\"elementor-icon-list-icon\">\n\t\t\t\t\t\t\t<svg aria-hidden=\"true\" class=\"e-font-icon-svg e-fas-phone-alt\" viewBox=\"0 0 512 512\" xmlns=\"http:\/\/www.w3.org\/2000\/svg\"><path d=\"M497.39 361.8l-112-48a24 24 0 0 0-28 6.9l-49.6 60.6A370.66 370.66 0 0 1 130.6 204.11l60.6-49.6a23.94 23.94 0 0 0 6.9-28l-48-112A24.16 24.16 0 0 0 122.6.61l-104 24A24 24 0 0 0 0 48c0 256.5 207.9 464 464 464a24 24 0 0 0 23.4-18.6l24-104a24.29 24.29 0 0 0-14.01-27.6z\"><\/path><\/svg>\t\t\t\t\t\t<\/span>\n\t\t\t\t\t\t\t\t\t\t<span class=\"elementor-icon-list-text\">+43 676 5822547<\/span>\n\t\t\t\t\t\t\t\t\t\t\t<\/a>\n\t\t\t\t\t\t\t\t\t<\/li>\n\t\t\t\t\t\t<\/ul>\n\t\t\t\t\t\t<\/div>\n\t\t\t\t<\/div>\n\t\t\t\t<\/div>\n\t\t<div class=\"elementor-element elementor-element-5d5f7b8 e-con-full e-flex elementor-invisible e-con e-child\" data-id=\"5d5f7b8\" data-element_type=\"container\" data-e-type=\"container\" data-settings=\"{&quot;animation&quot;:&quot;slideInUp&quot;}\">\n\t\t\t\t<div class=\"elementor-element elementor-element-c202869 elementor-widget elementor-widget-heading\" data-id=\"c202869\" data-element_type=\"widget\" data-e-type=\"widget\" data-widget_type=\"heading.default\">\n\t\t\t\t<div class=\"elementor-widget-container\">\n\t\t\t\t\t<h2 class=\"elementor-heading-title elementor-size-default\">Reis<\/h2>\t\t\t\t<\/div>\n\t\t\t\t<\/div>\n\t\t\t\t<div class=\"elementor-element elementor-element-b5c4445 elementor-widget elementor-widget-text-editor\" data-id=\"b5c4445\" data-element_type=\"widget\" data-e-type=\"widget\" data-widget_type=\"text-editor.default\">\n\t\t\t\t<div class=\"elementor-widget-container\">\n\t\t\t\t\t\t\t\t\t<p>Afhankelijk van het vlieggebied dat je kiest, ontmoeten we elkaar 15 minuten voor het begin van de vlucht op de afgesproken landingsplaats, startplaats of bergbaan, zodat we de top comfortabel kunnen bereiken.&nbsp;<\/p>\n<p>Het ontmoetingspunt hangt af van het vlieggebied:&nbsp;<\/p>\n<blockquote>\n<p><strong>&gt;<\/strong>  Voor de Gerlitzen is het de <a href=\"https:\/\/maps.app.goo.gl\/WSKeQ78GKarf945G9\" target=\"_blank\" rel=\"noopener\">landingsplaats<\/a> tegenover de Billa in Annenheim.&nbsp;<\/p>\n<p><strong>&gt;<\/strong> Voor de Radsberg is het <a href=\"https:\/\/maps.app.goo.gl\/i8yowvTGB97WkjrF9\" target=\"_blank\" rel=\"noopener\">startpunt<\/a> de parkeerplaats bij het Mickl Jausenstation.<\/p>\n<\/blockquote>\t\t\t\t\t\t\t\t<\/div>\n\t\t\t\t<\/div>\n\t\t\t\t<\/div>\n\t\t\t\t<div class=\"elementor-element elementor-element-c0a47d5 elementor-invisible elementor-widget elementor-widget-image\" data-id=\"c0a47d5\" data-element_type=\"widget\" data-e-type=\"widget\" data-settings=\"{&quot;_animation&quot;:&quot;slideInUp&quot;}\" data-widget_type=\"image.default\">\n\t\t\t\t<div class=\"elementor-widget-container\">\n\t\t\t\t\t\t\t\t\t\t\t\t\t\t\t<img decoding=\"async\" width=\"768\" height=\"1024\" src=\"https:\/\/tandem-air.at\/wp-content\/uploads\/2025\/03\/800f969c-981f-4eda-86a4-787691551ba8-768x1024.jpg\" class=\"attachment-large size-large wp-image-19853\" alt=\"Tandem Paragliding f\u00fcr Paare \u00fcber dem Ossiacher See in K\u00e4rnten \u2013 Gleitschirmflug zu zweit\" srcset=\"https:\/\/tandem-air.at\/wp-content\/uploads\/2025\/03\/800f969c-981f-4eda-86a4-787691551ba8-768x1024.jpg 768w, https:\/\/tandem-air.at\/wp-content\/uploads\/2025\/03\/800f969c-981f-4eda-86a4-787691551ba8-225x300.jpg 225w, https:\/\/tandem-air.at\/wp-content\/uploads\/2025\/03\/800f969c-981f-4eda-86a4-787691551ba8-1152x1536.jpg 1152w, https:\/\/tandem-air.at\/wp-content\/uploads\/2025\/03\/800f969c-981f-4eda-86a4-787691551ba8-600x800.jpg 600w, https:\/\/tandem-air.at\/wp-content\/uploads\/2025\/03\/800f969c-981f-4eda-86a4-787691551ba8.jpg 1200w\" sizes=\"(max-width: 768px) 100vw, 768px\" \/>\t\t\t\t\t\t\t\t\t\t\t\t\t\t\t<\/div>\n\t\t\t\t<\/div>\n\t\t\t\t<div class=\"elementor-element elementor-element-6215895 elementor-invisible elementor-widget elementor-widget-image\" data-id=\"6215895\" data-element_type=\"widget\" data-e-type=\"widget\" data-settings=\"{&quot;_animation&quot;:&quot;slideInLeft&quot;}\" data-widget_type=\"image.default\">\n\t\t\t\t<div class=\"elementor-widget-container\">\n\t\t\t\t\t\t\t\t\t\t\t\t\t\t\t<img loading=\"lazy\" decoding=\"async\" width=\"800\" height=\"699\" src=\"https:\/\/tandem-air.at\/wp-content\/uploads\/2025\/03\/G0010451-1024x895.jpg\" class=\"attachment-large size-large wp-image-19943\" alt=\"Tandemflug Vorbereitung am Startplatz \u2013 Paragleiten in K\u00e4rnten mit Pilotin\" srcset=\"https:\/\/tandem-air.at\/wp-content\/uploads\/2025\/03\/G0010451-1024x895.jpg 1024w, https:\/\/tandem-air.at\/wp-content\/uploads\/2025\/03\/G0010451-300x262.jpg 300w, https:\/\/tandem-air.at\/wp-content\/uploads\/2025\/03\/G0010451-768x671.jpg 768w, https:\/\/tandem-air.at\/wp-content\/uploads\/2025\/03\/G0010451-600x525.jpg 600w, https:\/\/tandem-air.at\/wp-content\/uploads\/2025\/03\/G0010451.jpg 1114w\" sizes=\"(max-width: 800px) 100vw, 800px\" \/>\t\t\t\t\t\t\t\t\t\t\t\t\t\t\t<\/div>\n\t\t\t\t<\/div>\n\t\t<div class=\"elementor-element elementor-element-530f564 e-con-full e-flex elementor-invisible e-con e-child\" data-id=\"530f564\" data-element_type=\"container\" data-e-type=\"container\" data-settings=\"{&quot;animation&quot;:&quot;slideInLeft&quot;}\">\n\t\t\t\t<div class=\"elementor-element elementor-element-ce97642 elementor-widget elementor-widget-heading\" data-id=\"ce97642\" data-element_type=\"widget\" data-e-type=\"widget\" data-widget_type=\"heading.default\">\n\t\t\t\t<div class=\"elementor-widget-container\">\n\t\t\t\t\t<h2 class=\"elementor-heading-title elementor-size-default\">De start<\/h2>\t\t\t\t<\/div>\n\t\t\t\t<\/div>\n\t\t\t\t<div class=\"elementor-element elementor-element-cc1018a elementor-widget elementor-widget-text-editor\" data-id=\"cc1018a\" data-element_type=\"widget\" data-e-type=\"widget\" data-widget_type=\"text-editor.default\">\n\t\t\t\t<div class=\"elementor-widget-container\">\n\t\t\t\t\t\t\t\t\t<p>Je avontuur begint. Eenmaal aangekomen op de startplaats zal je piloot het gedrag tijdens het opstijgen, vliegen en landen met je bespreken en al je vragen beantwoorden.   <\/p><p>De piloot zet dan het zweefvliegtuig uit en past je harnas en helm aan. Daarna maakt hij zichzelf en jou vast aan het zweefvliegtuig. Na het besproken startcommando vindt de aanloop plaats tot de daadwerkelijke start. Al na een paar stappen ervaar je het onbeschrijfelijke gevoel van vliegen!     <\/p><p><strong>Je paklijst:  <\/strong><\/p><blockquote><p>&gt;  stevig schoeisel<\/p><p>&gt;  lange broek &amp; jas (zoals voor wandelen)<\/p><p>&gt; <span style=\"font-weight: 400;\">K\u00e4rnten Card (indien beschikbaar)<\/span><\/p><p>&gt;  Zonnebril<\/p><\/blockquote><p>Houd er bij het kiezen van je jas rekening mee dat het op de berg veel koeler is en dat je bij de start misschien moet wachten vanwege de wind!  <\/p>\t\t\t\t\t\t\t\t<\/div>\n\t\t\t\t<\/div>\n\t\t\t\t<\/div>\n\t\t<div class=\"elementor-element elementor-element-6e40a6f e-con-full e-flex elementor-invisible e-con e-child\" data-id=\"6e40a6f\" data-element_type=\"container\" data-e-type=\"container\" data-settings=\"{&quot;animation&quot;:&quot;slideInRight&quot;}\">\n\t\t\t\t<div class=\"elementor-element elementor-element-e632213 elementor-widget elementor-widget-heading\" data-id=\"e632213\" data-element_type=\"widget\" data-e-type=\"widget\" data-widget_type=\"heading.default\">\n\t\t\t\t<div class=\"elementor-widget-container\">\n\t\t\t\t\t<h2 class=\"elementor-heading-title elementor-size-default\">De vlucht<\/h2>\t\t\t\t<\/div>\n\t\t\t\t<\/div>\n\t\t\t\t<div class=\"elementor-element elementor-element-a235031 elementor-widget elementor-widget-text-editor\" data-id=\"a235031\" data-element_type=\"widget\" data-e-type=\"widget\" data-widget_type=\"text-editor.default\">\n\t\t\t\t<div class=\"elementor-widget-container\">\n\t\t\t\t\t\t\t\t\t<p class=\"p1\">Nadat je je comfortabel hebt gemaakt in het harnas, opent het prachtige berg- en merenlandschap van Karinthi\u00eb zich voor je. Veel mensen vinden een deel van de vlucht een bijna surrealistische, rustige ervaring.   <\/p><p>Als je wilt, zal je piloot nu proberen hoogte te winnen in een updraft (thermiek) om de top boven de lanceerplaats te bereiken. Je kunt bijvoorbeeld ook steile spiralen met hoge acceleratiekrachten en verschillende aerobatische manoeuvres uitproberen.   <\/p><p>Elke piloot heeft een sportcamera (GoPro) bij zich. Hiermee maak je unieke foto&#8217;s en video&#8217;s van je vlucht. Als je vanaf de Gerlitzen vliegt, vlieg je op grote hoogte over de Ossiacher See, met uitzicht op de W\u00f6rthersee en de Faakersee over kasteel Landskron richting de landingsplaats.   <\/p>\t\t\t\t\t\t\t\t<\/div>\n\t\t\t\t<\/div>\n\t\t\t\t<\/div>\n\t\t\t\t<div class=\"elementor-element elementor-element-56b6c84 elementor-invisible elementor-widget elementor-widget-image\" data-id=\"56b6c84\" data-element_type=\"widget\" data-e-type=\"widget\" data-settings=\"{&quot;_animation&quot;:&quot;slideInRight&quot;}\" data-widget_type=\"image.default\">\n\t\t\t\t<div class=\"elementor-widget-container\">\n\t\t\t\t\t\t\t\t\t\t\t\t\t\t\t<img loading=\"lazy\" decoding=\"async\" width=\"800\" height=\"699\" src=\"https:\/\/tandem-air.at\/wp-content\/uploads\/2025\/03\/G0023396-1024x895.jpg\" class=\"attachment-large size-large wp-image-19946\" alt=\"Tandemfliegen am Ossiachersee\" srcset=\"https:\/\/tandem-air.at\/wp-content\/uploads\/2025\/03\/G0023396-1024x895.jpg 1024w, https:\/\/tandem-air.at\/wp-content\/uploads\/2025\/03\/G0023396-300x262.jpg 300w, https:\/\/tandem-air.at\/wp-content\/uploads\/2025\/03\/G0023396-768x671.jpg 768w, https:\/\/tandem-air.at\/wp-content\/uploads\/2025\/03\/G0023396-600x525.jpg 600w, https:\/\/tandem-air.at\/wp-content\/uploads\/2025\/03\/G0023396.jpg 1114w\" sizes=\"(max-width: 800px) 100vw, 800px\" \/>\t\t\t\t\t\t\t\t\t\t\t\t\t\t\t<\/div>\n\t\t\t\t<\/div>\n\t\t\t\t<div class=\"elementor-element elementor-element-dc54256 elementor-invisible elementor-widget elementor-widget-image\" data-id=\"dc54256\" data-element_type=\"widget\" data-e-type=\"widget\" data-settings=\"{&quot;_animation&quot;:&quot;slideInUp&quot;}\" data-widget_type=\"image.default\">\n\t\t\t\t<div class=\"elementor-widget-container\">\n\t\t\t\t\t\t\t\t\t\t\t\t\t\t\t<img loading=\"lazy\" decoding=\"async\" width=\"800\" height=\"600\" src=\"https:\/\/tandem-air.at\/wp-content\/uploads\/2025\/03\/G0083950-1024x768.jpg\" class=\"attachment-large size-large wp-image-19949\" alt=\"Tandemflug mit Kindern in K\u00e4rnten \u2013 gl\u00fcckliche Passagiere nach der Landung\" srcset=\"https:\/\/tandem-air.at\/wp-content\/uploads\/2025\/03\/G0083950-1024x768.jpg 1024w, https:\/\/tandem-air.at\/wp-content\/uploads\/2025\/03\/G0083950-300x225.jpg 300w, https:\/\/tandem-air.at\/wp-content\/uploads\/2025\/03\/G0083950-768x576.jpg 768w, https:\/\/tandem-air.at\/wp-content\/uploads\/2025\/03\/G0083950-600x450.jpg 600w, https:\/\/tandem-air.at\/wp-content\/uploads\/2025\/03\/G0083950.jpg 1200w\" sizes=\"(max-width: 800px) 100vw, 800px\" \/>\t\t\t\t\t\t\t\t\t\t\t\t\t\t\t<\/div>\n\t\t\t\t<\/div>\n\t\t<div class=\"elementor-element elementor-element-a2a8f2f e-con-full e-flex elementor-invisible e-con e-child\" data-id=\"a2a8f2f\" data-element_type=\"container\" data-e-type=\"container\" data-settings=\"{&quot;animation&quot;:&quot;slideInUp&quot;}\">\n\t\t\t\t<div class=\"elementor-element elementor-element-18404cf elementor-widget elementor-widget-heading\" data-id=\"18404cf\" data-element_type=\"widget\" data-e-type=\"widget\" data-widget_type=\"heading.default\">\n\t\t\t\t<div class=\"elementor-widget-container\">\n\t\t\t\t\t<h2 class=\"elementor-heading-title elementor-size-default\">De landing<\/h2>\t\t\t\t<\/div>\n\t\t\t\t<\/div>\n\t\t\t\t<div class=\"elementor-element elementor-element-b5023c1 elementor-widget elementor-widget-text-editor\" data-id=\"b5023c1\" data-element_type=\"widget\" data-e-type=\"widget\" data-widget_type=\"text-editor.default\">\n\t\t\t\t<div class=\"elementor-widget-container\">\n\t\t\t\t\t\t\t\t\t<p>Na een rondje over het landingsterrein om genoeg hoogte te verliezen, stuurt de piloot de paraglider naar het landingsterrein en na een paar stappen land je zachtjes op ons grote landingsterrein.  <\/p><p>Je zult een geweldig gevoel van euforie ervaren &#8211; een reden waarom onze piloten steeds weer naar het startgebied snellen, zelfs na vele jaren.  <\/p><p>Je kunt nu in alle rust in de schaduw onder onze grote tent je video bekijken en je vlucht evalueren. Je bent weer terug op aarde en misschien kijk je nu al uit naar je volgende vlucht met Tandem-Air.   <\/p>\t\t\t\t\t\t\t\t<\/div>\n\t\t\t\t<\/div>\n\t\t\t\t<\/div>\n\t\t\t\t<\/div>\n\t\t<div class=\"elementor-element elementor-element-aab2227 e-con-full elementor-hidden-desktop elementor-hidden-tablet e-flex e-con e-child\" data-id=\"aab2227\" data-element_type=\"container\" data-e-type=\"container\">\n\t\t<div class=\"elementor-element elementor-element-48da848 e-con-full e-flex elementor-invisible e-con e-child\" data-id=\"48da848\" data-element_type=\"container\" data-e-type=\"container\" data-settings=\"{&quot;animation&quot;:&quot;slideInLeft&quot;}\">\n\t\t\t\t<div class=\"elementor-element elementor-element-a123368 elementor-widget elementor-widget-heading\" data-id=\"a123368\" data-element_type=\"widget\" data-e-type=\"widget\" data-widget_type=\"heading.default\">\n\t\t\t\t<div class=\"elementor-widget-container\">\n\t\t\t\t\t<h2 class=\"elementor-heading-title elementor-size-default\">Boek een vlucht<\/h2>\t\t\t\t<\/div>\n\t\t\t\t<\/div>\n\t\t\t\t<div class=\"elementor-element elementor-element-1d0aa9e elementor-widget elementor-widget-text-editor\" data-id=\"1d0aa9e\" data-element_type=\"widget\" data-e-type=\"widget\" data-widget_type=\"text-editor.default\">\n\t\t\t\t<div class=\"elementor-widget-container\">\n\t\t\t\t\t\t\t\t\t<p>Je tandemvluchtavontuur begint op onze website. Kies uit onze pakketten:   <\/p><blockquote><p><strong>&gt;<\/strong> <strong>Early Bird:<\/strong> Voor vroege vogels<\/p><p> <strong>&gt; Solo Vlucht:<\/strong> Voor individuele ervaringen<\/p><p><strong>&gt;<\/strong> <strong>Groepsvluchten<\/strong>: Voor gezamenlijke avonturen<\/p><p> <strong>&gt; Vluchten voor kinderen:<\/strong> Voor onze jongste vliegers<\/p><\/blockquote><p class=\"p1\">Voeg vouchers en foto- en 360-graden video-opties toe aan je boeking. Na het boeken ontvang je een bevestigingsmail met alle belangrijke informatie.   <\/p><p>Begin nu met je unieke tandemvlucht vanaf de Gerlitzen of de Radsberg!<\/p>\t\t\t\t\t\t\t\t<\/div>\n\t\t\t\t<\/div>\n\t\t\t\t<\/div>\n\t\t\t\t<div class=\"elementor-element elementor-element-31d8851 elementor-invisible elementor-widget elementor-widget-image\" data-id=\"31d8851\" data-element_type=\"widget\" data-e-type=\"widget\" data-settings=\"{&quot;_animation&quot;:&quot;slideInRight&quot;}\" data-widget_type=\"image.default\">\n\t\t\t\t<div class=\"elementor-widget-container\">\n\t\t\t\t\t\t\t\t\t\t\t\t\t\t\t<img fetchpriority=\"high\" decoding=\"async\" width=\"800\" height=\"534\" src=\"https:\/\/tandem-air.at\/wp-content\/uploads\/2024\/08\/shutterstock_292231958-1-scaled-1-1024x683.jpg\" class=\"attachment-large size-large wp-image-18771\" alt=\"Paragleiten in K\u00e4rnten bei Sonnenuntergang \u2013 Tandemflug \u00fcber den Bergen\" srcset=\"https:\/\/tandem-air.at\/wp-content\/uploads\/2024\/08\/shutterstock_292231958-1-scaled-1-1024x683.jpg 1024w, https:\/\/tandem-air.at\/wp-content\/uploads\/2024\/08\/shutterstock_292231958-1-scaled-1-300x200.jpg 300w, https:\/\/tandem-air.at\/wp-content\/uploads\/2024\/08\/shutterstock_292231958-1-scaled-1-768x512.jpg 768w, https:\/\/tandem-air.at\/wp-content\/uploads\/2024\/08\/shutterstock_292231958-1-scaled-1-1536x1024.jpg 1536w, https:\/\/tandem-air.at\/wp-content\/uploads\/2024\/08\/shutterstock_292231958-1-scaled-1-2048x1366.jpg 2048w, https:\/\/tandem-air.at\/wp-content\/uploads\/2024\/08\/shutterstock_292231958-1-scaled-1-930x620.jpg 930w, https:\/\/tandem-air.at\/wp-content\/uploads\/2024\/08\/shutterstock_292231958-1-scaled-1-1320x880.jpg 1320w, https:\/\/tandem-air.at\/wp-content\/uploads\/2024\/08\/shutterstock_292231958-1-scaled-1-600x400.jpg 600w\" sizes=\"(max-width: 800px) 100vw, 800px\" \/>\t\t\t\t\t\t\t\t\t\t\t\t\t\t\t<\/div>\n\t\t\t\t<\/div>\n\t\t\t\t<div class=\"elementor-element elementor-element-714e64b elementor-invisible elementor-widget elementor-widget-image\" data-id=\"714e64b\" data-element_type=\"widget\" data-e-type=\"widget\" data-settings=\"{&quot;_animation&quot;:&quot;slideInRight&quot;}\" data-widget_type=\"image.default\">\n\t\t\t\t<div class=\"elementor-widget-container\">\n\t\t\t\t\t\t\t\t\t\t\t\t\t\t\t<img decoding=\"async\" width=\"800\" height=\"800\" src=\"https:\/\/tandem-air.at\/wp-content\/uploads\/2025\/03\/IMG_20200919_203403_833-1024x1024.jpg\" class=\"attachment-large size-large wp-image-19859\" alt=\"Paragleiten bei Sonnenuntergang in K\u00e4rnten \u2013 Tandemflug mit Gleitschirm in den Alpen\" srcset=\"https:\/\/tandem-air.at\/wp-content\/uploads\/2025\/03\/IMG_20200919_203403_833-1024x1024.jpg 1024w, https:\/\/tandem-air.at\/wp-content\/uploads\/2025\/03\/IMG_20200919_203403_833-300x300.jpg 300w, https:\/\/tandem-air.at\/wp-content\/uploads\/2025\/03\/IMG_20200919_203403_833-150x150.jpg 150w, https:\/\/tandem-air.at\/wp-content\/uploads\/2025\/03\/IMG_20200919_203403_833-768x768.jpg 768w, https:\/\/tandem-air.at\/wp-content\/uploads\/2025\/03\/IMG_20200919_203403_833-1320x1320.jpg 1320w, https:\/\/tandem-air.at\/wp-content\/uploads\/2025\/03\/IMG_20200919_203403_833-600x600.jpg 600w, https:\/\/tandem-air.at\/wp-content\/uploads\/2025\/03\/IMG_20200919_203403_833-100x100.jpg 100w, https:\/\/tandem-air.at\/wp-content\/uploads\/2025\/03\/IMG_20200919_203403_833.jpg 1390w\" sizes=\"(max-width: 800px) 100vw, 800px\" \/>\t\t\t\t\t\t\t\t\t\t\t\t\t\t\t<\/div>\n\t\t\t\t<\/div>\n\t\t<div class=\"elementor-element elementor-element-28482ad e-con-full e-flex elementor-invisible e-con e-child\" data-id=\"28482ad\" data-element_type=\"container\" data-e-type=\"container\" data-settings=\"{&quot;animation&quot;:&quot;slideInRight&quot;}\">\n\t\t\t\t<div class=\"elementor-element elementor-element-740d2a5 elementor-widget elementor-widget-heading\" data-id=\"740d2a5\" data-element_type=\"widget\" data-e-type=\"widget\" data-widget_type=\"heading.default\">\n\t\t\t\t<div class=\"elementor-widget-container\">\n\t\t\t\t\t<h2 class=\"elementor-heading-title elementor-size-default\">Maak een afspraak<\/h2>\t\t\t\t<\/div>\n\t\t\t\t<\/div>\n\t\t\t\t<div class=\"elementor-element elementor-element-ebe3056 elementor-widget elementor-widget-text-editor\" data-id=\"ebe3056\" data-element_type=\"widget\" data-e-type=\"widget\" data-widget_type=\"text-editor.default\">\n\t\t\t\t<div class=\"elementor-widget-container\">\n\t\t\t\t\t\t\t\t\t<p class=\"p1\">Selecteer je gewenste datum en tijd direct in het boekingsproces. Als je flexibel wilt blijven, kun je ook een voucher kopen en deze op elk gewenst moment inwisselen. <\/p>\n<p>Of deze deadline gehaald kan worden hangt af van het weer. Het is niet mogelijk om bij elke windrichting of windkracht vanaf elke berg op te stijgen. Als een vlucht niet mogelijk is vanwege het weer, nemen we snel telefonisch contact met je op en krijg je een alternatieve datum.  &nbsp;<\/p>\n<p>Onze vluchttijden zijn over het algemeen van begin mei tot eind oktober en zijn gebaseerd op de openingstijden van de kabelbaan. Vroege vogels krijgen een korting op de prijs. Als je niet zeker bent van de vluchttijd of -datum, kun je ons altijd bellen.  &nbsp;<\/p>\t\t\t\t\t\t\t\t<\/div>\n\t\t\t\t<\/div>\n\t\t\t\t<div class=\"elementor-element elementor-element-167d1d1 elementor-icon-list--layout-traditional elementor-list-item-link-full_width elementor-widget elementor-widget-icon-list\" data-id=\"167d1d1\" data-element_type=\"widget\" data-e-type=\"widget\" data-widget_type=\"icon-list.default\">\n\t\t\t\t<div class=\"elementor-widget-container\">\n\t\t\t\t\t\t\t<ul class=\"elementor-icon-list-items\">\n\t\t\t\t\t\t\t<li class=\"elementor-icon-list-item\">\n\t\t\t\t\t\t\t\t\t\t\t<a href=\"tel:+436765822547\">\n\n\t\t\t\t\t\t\t\t\t\t\t\t<span class=\"elementor-icon-list-icon\">\n\t\t\t\t\t\t\t<svg aria-hidden=\"true\" class=\"e-font-icon-svg e-fas-phone-alt\" viewBox=\"0 0 512 512\" xmlns=\"http:\/\/www.w3.org\/2000\/svg\"><path d=\"M497.39 361.8l-112-48a24 24 0 0 0-28 6.9l-49.6 60.6A370.66 370.66 0 0 1 130.6 204.11l60.6-49.6a23.94 23.94 0 0 0 6.9-28l-48-112A24.16 24.16 0 0 0 122.6.61l-104 24A24 24 0 0 0 0 48c0 256.5 207.9 464 464 464a24 24 0 0 0 23.4-18.6l24-104a24.29 24.29 0 0 0-14.01-27.6z\"><\/path><\/svg>\t\t\t\t\t\t<\/span>\n\t\t\t\t\t\t\t\t\t\t<span class=\"elementor-icon-list-text\">+43 676 5822547<\/span>\n\t\t\t\t\t\t\t\t\t\t\t<\/a>\n\t\t\t\t\t\t\t\t\t<\/li>\n\t\t\t\t\t\t<\/ul>\n\t\t\t\t\t\t<\/div>\n\t\t\t\t<\/div>\n\t\t\t\t<\/div>\n\t\t<div class=\"elementor-element elementor-element-b77abe9 e-con-full e-flex elementor-invisible e-con e-child\" data-id=\"b77abe9\" data-element_type=\"container\" data-e-type=\"container\" data-settings=\"{&quot;animation&quot;:&quot;slideInUp&quot;}\">\n\t\t\t\t<div class=\"elementor-element elementor-element-216c8b0 elementor-widget elementor-widget-heading\" data-id=\"216c8b0\" data-element_type=\"widget\" data-e-type=\"widget\" data-widget_type=\"heading.default\">\n\t\t\t\t<div class=\"elementor-widget-container\">\n\t\t\t\t\t<h2 class=\"elementor-heading-title elementor-size-default\">Reis<\/h2>\t\t\t\t<\/div>\n\t\t\t\t<\/div>\n\t\t\t\t<div class=\"elementor-element elementor-element-a7cb6a6 elementor-widget elementor-widget-text-editor\" data-id=\"a7cb6a6\" data-element_type=\"widget\" data-e-type=\"widget\" data-widget_type=\"text-editor.default\">\n\t\t\t\t<div class=\"elementor-widget-container\">\n\t\t\t\t\t\t\t\t\t<p>Afhankelijk van het vlieggebied dat je kiest, ontmoeten we elkaar 15 minuten voor het begin van de vlucht op de afgesproken landingsplaats, startplaats of bergbaan, zodat we de top comfortabel kunnen bereiken.&nbsp;<\/p>\n<p>Het ontmoetingspunt hangt af van het vlieggebied:&nbsp;<\/p>\n<blockquote>\n<p><strong>&gt;<\/strong>  Voor de Gerlitze is het de <a href=\"https:\/\/maps.app.goo.gl\/WSKeQ78GKarf945G9\" target=\"_blank\" rel=\"noopener\">landingsplaats<\/a> tegenover de Billa in Annenheim.&nbsp;<\/p>\n<p><strong>&gt;<\/strong> Voor de Radsberg is het <a href=\"https:\/\/maps.app.goo.gl\/i8yowvTGB97WkjrF9\" target=\"_blank\" rel=\"noopener\">startpunt<\/a> de parkeerplaats bij het Mickl Jausenstation.<\/p>\n<p><\/p>\n<\/blockquote>\t\t\t\t\t\t\t\t<\/div>\n\t\t\t\t<\/div>\n\t\t\t\t<\/div>\n\t\t\t\t<div class=\"elementor-element elementor-element-6b35a5d elementor-invisible elementor-widget elementor-widget-image\" data-id=\"6b35a5d\" data-element_type=\"widget\" data-e-type=\"widget\" data-settings=\"{&quot;_animation&quot;:&quot;slideInUp&quot;}\" data-widget_type=\"image.default\">\n\t\t\t\t<div class=\"elementor-widget-container\">\n\t\t\t\t\t\t\t\t\t\t\t\t\t\t\t<img decoding=\"async\" width=\"768\" height=\"1024\" src=\"https:\/\/tandem-air.at\/wp-content\/uploads\/2025\/03\/800f969c-981f-4eda-86a4-787691551ba8-768x1024.jpg\" class=\"attachment-large size-large wp-image-19853\" alt=\"Tandem Paragliding f\u00fcr Paare \u00fcber dem Ossiacher See in K\u00e4rnten \u2013 Gleitschirmflug zu zweit\" srcset=\"https:\/\/tandem-air.at\/wp-content\/uploads\/2025\/03\/800f969c-981f-4eda-86a4-787691551ba8-768x1024.jpg 768w, https:\/\/tandem-air.at\/wp-content\/uploads\/2025\/03\/800f969c-981f-4eda-86a4-787691551ba8-225x300.jpg 225w, https:\/\/tandem-air.at\/wp-content\/uploads\/2025\/03\/800f969c-981f-4eda-86a4-787691551ba8-1152x1536.jpg 1152w, https:\/\/tandem-air.at\/wp-content\/uploads\/2025\/03\/800f969c-981f-4eda-86a4-787691551ba8-600x800.jpg 600w, https:\/\/tandem-air.at\/wp-content\/uploads\/2025\/03\/800f969c-981f-4eda-86a4-787691551ba8.jpg 1200w\" sizes=\"(max-width: 768px) 100vw, 768px\" \/>\t\t\t\t\t\t\t\t\t\t\t\t\t\t\t<\/div>\n\t\t\t\t<\/div>\n\t\t\t\t<div class=\"elementor-element elementor-element-44ee391 elementor-invisible elementor-widget elementor-widget-image\" data-id=\"44ee391\" data-element_type=\"widget\" data-e-type=\"widget\" data-settings=\"{&quot;_animation&quot;:&quot;slideInLeft&quot;}\" data-widget_type=\"image.default\">\n\t\t\t\t<div class=\"elementor-widget-container\">\n\t\t\t\t\t\t\t\t\t\t\t\t\t\t\t<img loading=\"lazy\" decoding=\"async\" width=\"800\" height=\"699\" src=\"https:\/\/tandem-air.at\/wp-content\/uploads\/2025\/03\/G0010451-1024x895.jpg\" class=\"attachment-large size-large wp-image-19943\" alt=\"Tandemflug Vorbereitung am Startplatz \u2013 Paragleiten in K\u00e4rnten mit Pilotin\" srcset=\"https:\/\/tandem-air.at\/wp-content\/uploads\/2025\/03\/G0010451-1024x895.jpg 1024w, https:\/\/tandem-air.at\/wp-content\/uploads\/2025\/03\/G0010451-300x262.jpg 300w, https:\/\/tandem-air.at\/wp-content\/uploads\/2025\/03\/G0010451-768x671.jpg 768w, https:\/\/tandem-air.at\/wp-content\/uploads\/2025\/03\/G0010451-600x525.jpg 600w, https:\/\/tandem-air.at\/wp-content\/uploads\/2025\/03\/G0010451.jpg 1114w\" sizes=\"(max-width: 800px) 100vw, 800px\" \/>\t\t\t\t\t\t\t\t\t\t\t\t\t\t\t<\/div>\n\t\t\t\t<\/div>\n\t\t<div class=\"elementor-element elementor-element-5de596e e-con-full e-flex elementor-invisible e-con e-child\" data-id=\"5de596e\" data-element_type=\"container\" data-e-type=\"container\" data-settings=\"{&quot;animation&quot;:&quot;slideInLeft&quot;}\">\n\t\t\t\t<div class=\"elementor-element elementor-element-95dfc51 elementor-widget elementor-widget-heading\" data-id=\"95dfc51\" data-element_type=\"widget\" data-e-type=\"widget\" data-widget_type=\"heading.default\">\n\t\t\t\t<div class=\"elementor-widget-container\">\n\t\t\t\t\t<h2 class=\"elementor-heading-title elementor-size-default\">De start<\/h2>\t\t\t\t<\/div>\n\t\t\t\t<\/div>\n\t\t\t\t<div class=\"elementor-element elementor-element-1a0d45a elementor-widget elementor-widget-text-editor\" data-id=\"1a0d45a\" data-element_type=\"widget\" data-e-type=\"widget\" data-widget_type=\"text-editor.default\">\n\t\t\t\t<div class=\"elementor-widget-container\">\n\t\t\t\t\t\t\t\t\t<p>Je avontuur begint. Eenmaal aangekomen op de startplaats zal je piloot het gedrag tijdens het opstijgen, vliegen en landen met je bespreken en al je vragen beantwoorden.   <\/p><p>De piloot zet dan het zweefvliegtuig uit en past je harnas en helm aan. Daarna maakt hij zichzelf en jou vast aan het zweefvliegtuig. Na het besproken startcommando vindt de aanloop plaats tot de daadwerkelijke start. Al na een paar stappen ervaar je het onbeschrijfelijke gevoel van vliegen!     <\/p><p><strong>Je paklijst:  <\/strong><\/p><blockquote><p>&gt;  stevig schoeisel<\/p><p>&gt;  lange broek &amp; jas (zoals voor wandelen)<\/p><p>&gt;  Zonnebril<\/p><p>&gt;  K\u00e4rnten Card (indien beschikbaar)<\/p><\/blockquote><p>Houd er bij het kiezen van je jas rekening mee dat het op de berg veel koeler is en dat je bij de start misschien moet wachten vanwege de wind!  <\/p>\t\t\t\t\t\t\t\t<\/div>\n\t\t\t\t<\/div>\n\t\t\t\t<\/div>\n\t\t<div class=\"elementor-element elementor-element-3718ef7 e-con-full e-flex elementor-invisible e-con e-child\" data-id=\"3718ef7\" data-element_type=\"container\" data-e-type=\"container\" data-settings=\"{&quot;animation&quot;:&quot;slideInRight&quot;}\">\n\t\t\t\t<div class=\"elementor-element elementor-element-8e1b2f4 elementor-widget elementor-widget-heading\" data-id=\"8e1b2f4\" data-element_type=\"widget\" data-e-type=\"widget\" data-widget_type=\"heading.default\">\n\t\t\t\t<div class=\"elementor-widget-container\">\n\t\t\t\t\t<h2 class=\"elementor-heading-title elementor-size-default\">De vlucht<\/h2>\t\t\t\t<\/div>\n\t\t\t\t<\/div>\n\t\t\t\t<div class=\"elementor-element elementor-element-241ae73 elementor-widget elementor-widget-text-editor\" data-id=\"241ae73\" data-element_type=\"widget\" data-e-type=\"widget\" data-widget_type=\"text-editor.default\">\n\t\t\t\t<div class=\"elementor-widget-container\">\n\t\t\t\t\t\t\t\t\t<p class=\"p1\">Nadat je je comfortabel hebt gemaakt in het harnas, opent het prachtige berg- en merenlandschap van Karinthi\u00eb zich voor je. Veel mensen vinden een deel van de vlucht een bijna surrealistische, rustige ervaring.   <\/p><p>Als je wilt, zal je piloot nu proberen hoogte te winnen in een updraft (thermiek) om de top boven de lanceerplaats te bereiken. Je kunt bijvoorbeeld ook steile spiralen met hoge acceleratiekrachten en verschillende aerobatische manoeuvres uitproberen.   <\/p><p>Elke piloot heeft een sportcamera (GoPro) bij zich. Hiermee maak je unieke foto&#8217;s en video&#8217;s van je vlucht. Als je vanaf de Gerlitzen vliegt, vlieg je op grote hoogte over de Ossiacher See, met uitzicht op de W\u00f6rthersee en de Faakersee over kasteel Landskron richting de landingsplaats.   <\/p>\t\t\t\t\t\t\t\t<\/div>\n\t\t\t\t<\/div>\n\t\t\t\t<\/div>\n\t\t\t\t<div class=\"elementor-element elementor-element-822d745 elementor-invisible elementor-widget elementor-widget-image\" data-id=\"822d745\" data-element_type=\"widget\" data-e-type=\"widget\" data-settings=\"{&quot;_animation&quot;:&quot;slideInRight&quot;}\" data-widget_type=\"image.default\">\n\t\t\t\t<div class=\"elementor-widget-container\">\n\t\t\t\t\t\t\t\t\t\t\t\t\t\t\t<img loading=\"lazy\" decoding=\"async\" width=\"800\" height=\"699\" src=\"https:\/\/tandem-air.at\/wp-content\/uploads\/2025\/03\/G0023396-1024x895.jpg\" class=\"attachment-large size-large wp-image-19946\" alt=\"Tandemfliegen am Ossiachersee\" srcset=\"https:\/\/tandem-air.at\/wp-content\/uploads\/2025\/03\/G0023396-1024x895.jpg 1024w, https:\/\/tandem-air.at\/wp-content\/uploads\/2025\/03\/G0023396-300x262.jpg 300w, https:\/\/tandem-air.at\/wp-content\/uploads\/2025\/03\/G0023396-768x671.jpg 768w, https:\/\/tandem-air.at\/wp-content\/uploads\/2025\/03\/G0023396-600x525.jpg 600w, https:\/\/tandem-air.at\/wp-content\/uploads\/2025\/03\/G0023396.jpg 1114w\" sizes=\"(max-width: 800px) 100vw, 800px\" \/>\t\t\t\t\t\t\t\t\t\t\t\t\t\t\t<\/div>\n\t\t\t\t<\/div>\n\t\t\t\t<div class=\"elementor-element elementor-element-ae9ee81 elementor-invisible elementor-widget elementor-widget-image\" data-id=\"ae9ee81\" data-element_type=\"widget\" data-e-type=\"widget\" data-settings=\"{&quot;_animation&quot;:&quot;slideInUp&quot;}\" data-widget_type=\"image.default\">\n\t\t\t\t<div class=\"elementor-widget-container\">\n\t\t\t\t\t\t\t\t\t\t\t\t\t\t\t<img loading=\"lazy\" decoding=\"async\" width=\"800\" height=\"600\" src=\"https:\/\/tandem-air.at\/wp-content\/uploads\/2025\/03\/G0083950-1024x768.jpg\" class=\"attachment-large size-large wp-image-19949\" alt=\"Tandemflug mit Kindern in K\u00e4rnten \u2013 gl\u00fcckliche Passagiere nach der Landung\" srcset=\"https:\/\/tandem-air.at\/wp-content\/uploads\/2025\/03\/G0083950-1024x768.jpg 1024w, https:\/\/tandem-air.at\/wp-content\/uploads\/2025\/03\/G0083950-300x225.jpg 300w, https:\/\/tandem-air.at\/wp-content\/uploads\/2025\/03\/G0083950-768x576.jpg 768w, https:\/\/tandem-air.at\/wp-content\/uploads\/2025\/03\/G0083950-600x450.jpg 600w, https:\/\/tandem-air.at\/wp-content\/uploads\/2025\/03\/G0083950.jpg 1200w\" sizes=\"(max-width: 800px) 100vw, 800px\" \/>\t\t\t\t\t\t\t\t\t\t\t\t\t\t\t<\/div>\n\t\t\t\t<\/div>\n\t\t<div class=\"elementor-element elementor-element-6bc01a8 e-con-full e-flex elementor-invisible e-con e-child\" data-id=\"6bc01a8\" data-element_type=\"container\" data-e-type=\"container\" data-settings=\"{&quot;animation&quot;:&quot;slideInUp&quot;}\">\n\t\t\t\t<div class=\"elementor-element elementor-element-4111328 elementor-widget elementor-widget-heading\" data-id=\"4111328\" data-element_type=\"widget\" data-e-type=\"widget\" data-widget_type=\"heading.default\">\n\t\t\t\t<div class=\"elementor-widget-container\">\n\t\t\t\t\t<h2 class=\"elementor-heading-title elementor-size-default\">De landing<\/h2>\t\t\t\t<\/div>\n\t\t\t\t<\/div>\n\t\t\t\t<div class=\"elementor-element elementor-element-4074698 elementor-widget elementor-widget-text-editor\" data-id=\"4074698\" data-element_type=\"widget\" data-e-type=\"widget\" data-widget_type=\"text-editor.default\">\n\t\t\t\t<div class=\"elementor-widget-container\">\n\t\t\t\t\t\t\t\t\t<p>Na een rondje over het landingsterrein om genoeg hoogte te verliezen, stuurt de piloot de paraglider naar het landingsterrein en na een paar stappen land je zachtjes op ons grote landingsterrein.  <\/p><p>Je zult een geweldig gevoel van euforie ervaren &#8211; een reden waarom onze piloten steeds weer naar het startgebied snellen, zelfs na vele jaren.  <\/p><p>Je kunt nu in alle rust in de schaduw onder onze grote tent je video bekijken en je vlucht evalueren. Je bent weer terug op aarde en misschien kijk je nu al uit naar je volgende vlucht met Tandem-Air.   <\/p>\t\t\t\t\t\t\t\t<\/div>\n\t\t\t\t<\/div>\n\t\t\t\t<\/div>\n\t\t\t\t<\/div>\n\t\t\t\t\t<\/div>\n\t\t\t\t<\/div>\n\t\t\t\t<\/div>\n\t\t","protected":false},"excerpt":{"rendered":"<p>Verloop Hier vind je alle belangrijke informatie als je hebt besloten om met Tandem-Air te gaan vliegen. Van boeking tot landing, we leggen alles uit zodat er geen vragen onbeantwoord blijven! Boek een vlucht Boek je tandemvlucht vanaf de Gerlitzen of de Radsberg en kies uit onze servicepakketten. Je kunt ook een vouchercode inwisselen. Stap [&hellip;]<\/p>\n","protected":false},"author":26,"featured_media":0,"parent":0,"menu_order":0,"comment_status":"closed","ping_status":"closed","template":"","meta":{"footnotes":""},"class_list":["post-19079","page","type-page","status-publish","hentry"],"yoast_head":"<!-- This site is optimized with the Yoast SEO plugin v27.1.1 - https:\/\/yoast.com\/product\/yoast-seo-wordpress\/ -->\n<title>Eisen voor tandemsprongen - Hoe je tandemvlucht werkt<\/title>\n<meta name=\"description\" content=\"Alles wat u moet weten voor uw tandemsprong. Ontdek de vereisten en procedure voor een veilige vliegervaring met Tandem-Air\" \/>\n<meta name=\"robots\" content=\"index, follow, max-snippet:-1, max-image-preview:large, max-video-preview:-1\" \/>\n<link rel=\"canonical\" href=\"https:\/\/tandem-air.at\/ablauf\/\" \/>\n<meta property=\"og:locale\" content=\"nl_NL\" \/>\n<meta property=\"og:type\" content=\"article\" \/>\n<meta property=\"og:title\" content=\"Eisen voor tandemsprongen - Hoe je tandemvlucht werkt\" \/>\n<meta property=\"og:description\" content=\"Alles wat u moet weten voor uw tandemsprong. Ontdek de vereisten en procedure voor een veilige vliegervaring met Tandem-Air\" \/>\n<meta property=\"og:url\" content=\"https:\/\/tandem-air.at\/ablauf\/\" \/>\n<meta property=\"og:site_name\" content=\"Tandem-Air - Tandem-Gleitschirmfliegen in K\u00e4rnten\" \/>\n<meta property=\"article:publisher\" content=\"https:\/\/www.facebook.com\/tandem-air-252397508107814\/\" \/>\n<meta property=\"article:modified_time\" content=\"2025-11-21T15:04:35+00:00\" \/>\n<meta property=\"og:image\" content=\"https:\/\/tandem-air.at\/wp-content\/uploads\/2024\/04\/Snapshot_20180108_030100-scaled.jpg\" \/>\n\t<meta property=\"og:image:width\" content=\"2560\" \/>\n\t<meta property=\"og:image:height\" content=\"1440\" \/>\n\t<meta property=\"og:image:type\" content=\"image\/jpeg\" \/>\n<meta name=\"twitter:card\" content=\"summary_large_image\" \/>\n<meta name=\"twitter:label1\" content=\"Geschatte leestijd\" \/>\n\t<meta name=\"twitter:data1\" content=\"9 minuten\" \/>\n<!-- \/ Yoast SEO plugin. -->","yoast_head_json":{"title":"Eisen voor tandemsprongen - Hoe je tandemvlucht werkt","description":"Alles wat u moet weten voor uw tandemsprong. Ontdek de vereisten en procedure voor een veilige vliegervaring met Tandem-Air","robots":{"index":"index","follow":"follow","max-snippet":"max-snippet:-1","max-image-preview":"max-image-preview:large","max-video-preview":"max-video-preview:-1"},"canonical":"https:\/\/tandem-air.at\/ablauf\/","og_locale":"nl_NL","og_type":"article","og_title":"Eisen voor tandemsprongen - Hoe je tandemvlucht werkt","og_description":"Alles wat u moet weten voor uw tandemsprong. Ontdek de vereisten en procedure voor een veilige vliegervaring met Tandem-Air","og_url":"https:\/\/tandem-air.at\/ablauf\/","og_site_name":"Tandem-Air - Tandem-Gleitschirmfliegen in K\u00e4rnten","article_publisher":"https:\/\/www.facebook.com\/tandem-air-252397508107814\/","article_modified_time":"2025-11-21T15:04:35+00:00","og_image":[{"width":2560,"height":1440,"url":"https:\/\/tandem-air.at\/wp-content\/uploads\/2024\/04\/Snapshot_20180108_030100-scaled.jpg","type":"image\/jpeg"}],"twitter_card":"summary_large_image","twitter_misc":{"Geschatte leestijd":"9 minuten"},"schema":{"@context":"https:\/\/schema.org","@graph":[{"@type":"WebPage","@id":"https:\/\/tandem-air.at\/ablauf\/","url":"https:\/\/tandem-air.at\/ablauf\/","name":"Eisen voor tandemsprongen - Hoe je tandemvlucht werkt","isPartOf":{"@id":"https:\/\/tandem-air.at\/#website"},"primaryImageOfPage":{"@id":"https:\/\/tandem-air.at\/ablauf\/#primaryimage"},"image":{"@id":"https:\/\/tandem-air.at\/ablauf\/#primaryimage"},"thumbnailUrl":"https:\/\/tandem-air.at\/wp-content\/uploads\/2024\/08\/shutterstock_292231958-1-scaled-1-1024x683.jpg","datePublished":"2024-08-07T13:09:23+00:00","dateModified":"2025-11-21T15:04:35+00:00","description":"Alles wat u moet weten voor uw tandemsprong. Ontdek de vereisten en procedure voor een veilige vliegervaring met Tandem-Air","breadcrumb":{"@id":"https:\/\/tandem-air.at\/ablauf\/#breadcrumb"},"inLanguage":"nl-NL","potentialAction":[{"@type":"ReadAction","target":["https:\/\/tandem-air.at\/ablauf\/"]}]},{"@type":"ImageObject","inLanguage":"nl-NL","@id":"https:\/\/tandem-air.at\/ablauf\/#primaryimage","url":"https:\/\/tandem-air.at\/wp-content\/uploads\/2024\/08\/shutterstock_292231958-1-scaled-1-1024x683.jpg","contentUrl":"https:\/\/tandem-air.at\/wp-content\/uploads\/2024\/08\/shutterstock_292231958-1-scaled-1-1024x683.jpg"},{"@type":"BreadcrumbList","@id":"https:\/\/tandem-air.at\/ablauf\/#breadcrumb","itemListElement":[{"@type":"ListItem","position":1,"name":"Home","item":"https:\/\/tandem-air.at\/nl\/"},{"@type":"ListItem","position":2,"name":"Verloop"}]},{"@type":"WebSite","@id":"https:\/\/tandem-air.at\/#website","url":"https:\/\/tandem-air.at\/","name":"Tandem-Air | Tandemfliegen in K\u00e4rnten","description":"Paragleiten in den sch\u00f6nsten Fluggebieten, Gerlitzen am Ossiachersee und am Radsberg bei Klagenfurt!","publisher":{"@id":"https:\/\/tandem-air.at\/#organization"},"potentialAction":[{"@type":"SearchAction","target":{"@type":"EntryPoint","urlTemplate":"https:\/\/tandem-air.at\/?s={search_term_string}"},"query-input":{"@type":"PropertyValueSpecification","valueRequired":true,"valueName":"search_term_string"}}],"inLanguage":"nl-NL"},{"@type":"Organization","@id":"https:\/\/tandem-air.at\/#organization","name":"Tandem Air","url":"https:\/\/tandem-air.at\/","logo":{"@type":"ImageObject","inLanguage":"nl-NL","@id":"https:\/\/tandem-air.at\/#\/schema\/logo\/image\/","url":"https:\/\/tandem-air.at\/wp-content\/uploads\/2016\/12\/logo_tandem_air_512x512.png","contentUrl":"https:\/\/tandem-air.at\/wp-content\/uploads\/2016\/12\/logo_tandem_air_512x512.png","width":512,"height":512,"caption":"Tandem Air"},"image":{"@id":"https:\/\/tandem-air.at\/#\/schema\/logo\/image\/"},"sameAs":["https:\/\/www.facebook.com\/tandem-air-252397508107814\/","https:\/\/www.youtube.com\/channel\/UCGRspNYjbaPrEtWzUy8yYMQ","https:\/\/www.instagram.com\/tandem.air\/"]}]}},"_links":{"self":[{"href":"https:\/\/tandem-air.at\/nl\/wp-json\/wp\/v2\/pages\/19079","targetHints":{"allow":["GET"]}}],"collection":[{"href":"https:\/\/tandem-air.at\/nl\/wp-json\/wp\/v2\/pages"}],"about":[{"href":"https:\/\/tandem-air.at\/nl\/wp-json\/wp\/v2\/types\/page"}],"author":[{"embeddable":true,"href":"https:\/\/tandem-air.at\/nl\/wp-json\/wp\/v2\/users\/26"}],"replies":[{"embeddable":true,"href":"https:\/\/tandem-air.at\/nl\/wp-json\/wp\/v2\/comments?post=19079"}],"version-history":[{"count":36,"href":"https:\/\/tandem-air.at\/nl\/wp-json\/wp\/v2\/pages\/19079\/revisions"}],"predecessor-version":[{"id":21239,"href":"https:\/\/tandem-air.at\/nl\/wp-json\/wp\/v2\/pages\/19079\/revisions\/21239"}],"wp:attachment":[{"href":"https:\/\/tandem-air.at\/nl\/wp-json\/wp\/v2\/media?parent=19079"}],"curies":[{"name":"wp","href":"https:\/\/api.w.org\/{rel}","templated":true}]}}